{"id":16,"date":"2023-04-11T17:09:11","date_gmt":"2023-04-11T15:09:11","guid":{"rendered":"https:\/\/ambasciatapraga.esteri.it\/?page_id=16"},"modified":"2023-04-11T17:11:19","modified_gmt":"2023-04-11T15:11:19","slug":"news","status":"publish","type":"page","link":"https:\/\/ambulaanbaatar.esteri.it\/it\/news\/","title":{"rendered":"Notizie"},"content":{"rendered":"        <div class=\"row\">\n\t\t\t<!-- Ricerca sedi post -->\n\t\t\t<div class=\"col-12 mt-4\">\n\t\t\t  <div class=\"callout callout-highlight note ricerca-esteri p-4\">\n                    <div class=\"callout-title\">\n                        <svg class=\"icon\">\n                            <use xlink:href=\"https:\/\/ambulaanbaatar.esteri.it\/wp-content\/themes\/sedi-tema\/assets\/svg\/sprites.svg#it-search\"><\/use>\n                        <\/svg>Inserisci i parametri di ricerca                    <\/div>\n                    <form id=\"searchFormPost\" name=\"form-search-post\" class=\"form-row align-items-center\" action=\"https:\/\/ambulaanbaatar.esteri.it\/it\/wp-json\/wp\/v2\/pages\/16\/\" method=\"GET\"> \n                        <!-- <div class=\"form-group pt-5\"> -->\n                            <!-- <input type=\"hidden\" id=\"lang\" name=\"lang\" value=\"\"> --> <!-- <\/div> -->\n\n                        <div class=\"it-datepicker-wrapper\">\n                            <div class=\"row\">\n                                <div class=\"form-group col-md-6\">\n                                    <label class=\"active\" for=\"date-init\">Dal<\/label>\n                                    <input class=\"form-control\" name=\"date-init\" id=\"date-init\" type=\"date\" placeholder=\"gg\/mm\/aaaa\" value=\"\"lang=\"en-EN\">  \n                                <\/div>\n                                <div class=\"form-group col-md-6\">\n                                    <label class=\"active\" for=\"date-end\">Al<\/label>\n                                    <input class=\"form-control\" name=\"date-end\" id=\"date-end\" type=\"date\" placeholder=\"gg\/mm\/aaaa\" value=\"\">\n                                <\/div>\n                            <\/div>\n                        <\/div>\n                        <div class=\"form-group col-md-12 mt-3\">\n                            <label for=\"searchText\">Campo ricerca libera<\/label>\n                            <input type=\"text\" name=\"searchText\" class=\"form-control\" id=\"searchText\" value=\"\">\n                        <\/div>\n                        <div class=\"form-group col-md-4 offset-md-8 text-end\">\n                            <a href=\"https:\/\/ambulaanbaatar.esteri.it\/it\/news\/\" title=\"Form reset\" id=\"resetImput\" class=\"btn btn-outline-primary btn-xs\">Reset<\/a>\n                            <button type=\"submit\" class=\"btn btn-primary btn-xs\">Mostra risultati<\/button>\n                        <\/div>\n                    <\/form>\n\t\t\t\t<\/div>\n\t\t\t<\/div>\n\t\t<\/div>\n                    \n            <div class=\"row\">\n                            <div class=\"col-12 mt-3\">\n                <!--start card-->\n                <div class=\"card-wrapper card-space\">\n                    <div class=\"card card-bg card-big border-bottom-card\">\n                        <div class=\"card-body \">\n                                                        <div class=\"category-top\">\n                                                                                                            <span class=\"\">\n                                        <svg class=\"icon icon-secondary\">\n                                            <use xlink:href=\"https:\/\/ambulaanbaatar.esteri.it\/wp-content\/themes\/sedi-tema\/assets\/svg\/sprites.svg#it-calendar\"><\/use>\n                                        <\/svg> 23 Aprile 2026                                    <\/span>\n                                                                    <\/div>\n                            <h5 class=\"card-title big-heading text-uppercase\"><a class=\"text-body text-decoration-none\" href=\"https:\/\/ambulaanbaatar.esteri.it\/it\/news\/dall_ambasciata\/2026\/04\/borse-di-studio-invest-your-talent-in-italy\/\" title=\"Borse di studio \u201cInvest Your Talent in Italy\">Borse di studio \u201cInvest Your Talent in Italy<\/a><\/h5>\n                            <p class=\"card-text\">\ud83d\udce3 Si segnala la pubblicazione del bando a.a. 2026\u20132027 per le borse di studio \u201cInvest Your Talent in Italy\u201d Si tratta del programma di studio per studenti provenienti da 23 Paesi focus, per frequentare corsi di laurea magistrale o master in Ingegneria, Architettura e Design, Economia e Management nelle universit\u00e0 italiane. Il link al bando:\u00a0 [&hellip;]<\/p>\n                                <a title=\"Borse di studio \u201cInvest Your Talent in Italy\" class=\"read-more\" href=\"https:\/\/ambulaanbaatar.esteri.it\/it\/news\/dall_ambasciata\/2026\/04\/borse-di-studio-invest-your-talent-in-italy\/\">\n                                    <span class=\"text\">Leggi di pi\u00f9<\/span>\n                                    <svg class=\"icon\">\n                                    <use xlink:href=\"https:\/\/ambulaanbaatar.esteri.it\/wp-content\/themes\/sedi-tema\/assets\/svg\/sprites.svg#it-arrow-right\"><\/use>\n                                    <\/svg>\n                                <\/a>\n                                                    <\/div>\n                    <\/div>\n                <\/div>\n                <!--end card-->\n                <\/div><!-- col-12 .mt-3-->\n                            <div class=\"col-12 mt-3\">\n                <!--start card-->\n                <div class=\"card-wrapper card-space\">\n                    <div class=\"card card-bg card-big border-bottom-card\">\n                        <div class=\"card-body \">\n                                                        <div class=\"category-top\">\n                                                                                                            <span class=\"\">\n                                        <svg class=\"icon icon-secondary\">\n                                            <use xlink:href=\"https:\/\/ambulaanbaatar.esteri.it\/wp-content\/themes\/sedi-tema\/assets\/svg\/sprites.svg#it-calendar\"><\/use>\n                                        <\/svg> 22 Aprile 2026                                    <\/span>\n                                                                    <\/div>\n                            <h5 class=\"card-title big-heading text-uppercase\"><a class=\"text-body text-decoration-none\" href=\"https:\/\/ambulaanbaatar.esteri.it\/it\/news\/dall_ambasciata\/2026\/04\/ix-edizione-della-giornata-della-ricerca-italiana-nel-mondo-a-ulaanbaatar\/\" title=\"IX edizione della Giornata della Ricerca Italiana nel Mondo a Ulaanbaatar\">IX edizione della Giornata della Ricerca Italiana nel Mondo a Ulaanbaatar<\/a><\/h5>\n                            <p class=\"card-text\">L\u2019Ambasciata d\u2019Italia a Ulaanbaatar ha organizzato con la National University of Mongolia un dialogo su scienza, innovazione e cooperazione internazionale, con una lecture online della\u00a0scienziata Ersilia Vaudo (European Space Agency) dal titolo \u201cSpace: an endless adventure\u201d. E\u2019 intervenuta l\u2019On. Undraa Agvaanluvsan, Presidente del gruppo interparlamentare di amicizia Italia-Mongolia e scienziata nucleare, che ha condiviso la [&hellip;]<\/p>\n                                <a title=\"IX edizione della Giornata della Ricerca Italiana nel Mondo a Ulaanbaatar\" class=\"read-more\" href=\"https:\/\/ambulaanbaatar.esteri.it\/it\/news\/dall_ambasciata\/2026\/04\/ix-edizione-della-giornata-della-ricerca-italiana-nel-mondo-a-ulaanbaatar\/\">\n                                    <span class=\"text\">Leggi di pi\u00f9<\/span>\n                                    <svg class=\"icon\">\n                                    <use xlink:href=\"https:\/\/ambulaanbaatar.esteri.it\/wp-content\/themes\/sedi-tema\/assets\/svg\/sprites.svg#it-arrow-right\"><\/use>\n                                    <\/svg>\n                                <\/a>\n                                                    <\/div>\n                    <\/div>\n                <\/div>\n                <!--end card-->\n                <\/div><!-- col-12 .mt-3-->\n                            <div class=\"col-12 mt-3\">\n                <!--start card-->\n                <div class=\"card-wrapper card-space\">\n                    <div class=\"card card-bg card-big border-bottom-card\">\n                        <div class=\"card-body \">\n                                                        <div class=\"category-top\">\n                                                                                                            <span class=\"\">\n                                        <svg class=\"icon icon-secondary\">\n                                            <use xlink:href=\"https:\/\/ambulaanbaatar.esteri.it\/wp-content\/themes\/sedi-tema\/assets\/svg\/sprites.svg#it-calendar\"><\/use>\n                                        <\/svg> 20 Aprile 2026                                    <\/span>\n                                                                    <\/div>\n                            <h5 class=\"card-title big-heading text-uppercase\"><a class=\"text-body text-decoration-none\" href=\"https:\/\/ambulaanbaatar.esteri.it\/it\/news\/dall_ambasciata\/2026\/04\/ulaanbaatar-celebra-il-made-in-italy-day-con-il-design-di-fornasetti\/\" title=\"Ulaanbaatar celebra il Made in Italy Day con il design di Fornasetti\">Ulaanbaatar celebra il Made in Italy Day con il design di Fornasetti<\/a><\/h5>\n                            <p class=\"card-text\">Il 18 aprile si \u00e8 svolto a Ulaanbaatar, nell\u2019ambito del Made in Italy Day, un evento dal titolo\u00a0 \u201cFornasetti: The Theatre of Dreams\u201d, ospitato presso il Teatro nazionale dell\u2019Opera e del Balletto. Lo spettacolo, ispirato all\u2019iconica attrice e soprano dei primi del 900, Lina Cavalieri, e\u2019 stato organizzato in collaborazione con Alpha Corps LLC &#8211; [&hellip;]<\/p>\n                                <a title=\"Ulaanbaatar celebra il Made in Italy Day con il design di Fornasetti\" class=\"read-more\" href=\"https:\/\/ambulaanbaatar.esteri.it\/it\/news\/dall_ambasciata\/2026\/04\/ulaanbaatar-celebra-il-made-in-italy-day-con-il-design-di-fornasetti\/\">\n                                    <span class=\"text\">Leggi di pi\u00f9<\/span>\n                                    <svg class=\"icon\">\n                                    <use xlink:href=\"https:\/\/ambulaanbaatar.esteri.it\/wp-content\/themes\/sedi-tema\/assets\/svg\/sprites.svg#it-arrow-right\"><\/use>\n                                    <\/svg>\n                                <\/a>\n                                                    <\/div>\n                    <\/div>\n                <\/div>\n                <!--end card-->\n                <\/div><!-- col-12 .mt-3-->\n                            <div class=\"col-12 mt-3\">\n                <!--start card-->\n                <div class=\"card-wrapper card-space\">\n                    <div class=\"card card-bg card-big border-bottom-card\">\n                        <div class=\"card-body \">\n                                                        <div class=\"category-top\">\n                                                                                                            <span class=\"\">\n                                        <svg class=\"icon icon-secondary\">\n                                            <use xlink:href=\"https:\/\/ambulaanbaatar.esteri.it\/wp-content\/themes\/sedi-tema\/assets\/svg\/sprites.svg#it-calendar\"><\/use>\n                                        <\/svg> 27 Marzo 2026                                    <\/span>\n                                                                    <\/div>\n                            <h5 class=\"card-title big-heading text-uppercase\"><a class=\"text-body text-decoration-none\" href=\"https:\/\/ambulaanbaatar.esteri.it\/it\/news\/dall_ambasciata\/2026\/03\/nacque-al-mondo-un-sole\/\" title=\"\u201cNACQUE AL MONDO UN SOLE\u201d\">\u201cNACQUE AL MONDO UN SOLE\u201d<\/a><\/h5>\n                            <p class=\"card-text\">Musiche e canti nel segno di San Francesco, in occasione dell\u2019ottavo centenario della sua morte. Il 26 marzo 2026, presso la Cattedrale dei Santi Pietro e Paolo di Ulaanbaatar, in Mongolia, si \u00e8 tenuto il concerto \u201cNacque al mondo un sole \u2013 musiche e canti nel segno di San Francesco\u201d, un evento musicale dedicato alla [&hellip;]<\/p>\n                                <a title=\"\u201cNACQUE AL MONDO UN SOLE\u201d\" class=\"read-more\" href=\"https:\/\/ambulaanbaatar.esteri.it\/it\/news\/dall_ambasciata\/2026\/03\/nacque-al-mondo-un-sole\/\">\n                                    <span class=\"text\">Leggi di pi\u00f9<\/span>\n                                    <svg class=\"icon\">\n                                    <use xlink:href=\"https:\/\/ambulaanbaatar.esteri.it\/wp-content\/themes\/sedi-tema\/assets\/svg\/sprites.svg#it-arrow-right\"><\/use>\n                                    <\/svg>\n                                <\/a>\n                                                    <\/div>\n                    <\/div>\n                <\/div>\n                <!--end card-->\n                <\/div><!-- col-12 .mt-3-->\n                            <div class=\"col-12 mt-3\">\n                <!--start card-->\n                <div class=\"card-wrapper card-space\">\n                    <div class=\"card card-bg card-big border-bottom-card\">\n                        <div class=\"card-body \">\n                                                        <div class=\"category-top\">\n                                                                                                            <span class=\"\">\n                                        <svg class=\"icon icon-secondary\">\n                                            <use xlink:href=\"https:\/\/ambulaanbaatar.esteri.it\/wp-content\/themes\/sedi-tema\/assets\/svg\/sprites.svg#it-calendar\"><\/use>\n                                        <\/svg> 12 Marzo 2026                                    <\/span>\n                                                                    <\/div>\n                            <h5 class=\"card-title big-heading text-uppercase\"><a class=\"text-body text-decoration-none\" href=\"https:\/\/ambulaanbaatar.esteri.it\/it\/news\/dall_ambasciata\/2026\/03\/borse-di-studio-offerte-dal-governo-italiano-a-studenti-stranieri-e-italiani-residenti-allestero-ire-3\/\" title=\"Borse di studio offerte dal Governo italiano a studenti stranieri e italiani residenti all\u2019estero (IRE)\">Borse di studio offerte dal Governo italiano a studenti stranieri e italiani residenti all\u2019estero (IRE)<\/a><\/h5>\n                            <p class=\"card-text\">Il Ministero degli Affari Esteri e della Cooperazione Internazionale (MAECI) offre borse di studio in favore di studenti stranieri e cittadini italiani residenti all\u2019estero (IRE) per l\u2019anno accademico 2026-2027, con l\u2019obiettivo di favorire la cooperazione in campo culturale, scientifico e tecnologico, la proiezione del sistema economico dell\u2019Italia nel mondo e la diffusione della conoscenza della [&hellip;]<\/p>\n                                <a title=\"Borse di studio offerte dal Governo italiano a studenti stranieri e italiani residenti all\u2019estero (IRE)\" class=\"read-more\" href=\"https:\/\/ambulaanbaatar.esteri.it\/it\/news\/dall_ambasciata\/2026\/03\/borse-di-studio-offerte-dal-governo-italiano-a-studenti-stranieri-e-italiani-residenti-allestero-ire-3\/\">\n                                    <span class=\"text\">Leggi di pi\u00f9<\/span>\n                                    <svg class=\"icon\">\n                                    <use xlink:href=\"https:\/\/ambulaanbaatar.esteri.it\/wp-content\/themes\/sedi-tema\/assets\/svg\/sprites.svg#it-arrow-right\"><\/use>\n                                    <\/svg>\n                                <\/a>\n                                                    <\/div>\n                    <\/div>\n                <\/div>\n                <!--end card-->\n                <\/div><!-- col-12 .mt-3-->\n                            <div class=\"col-12 mt-3\">\n                <!--start card-->\n                <div class=\"card-wrapper card-space\">\n                    <div class=\"card card-bg card-big border-bottom-card\">\n                        <div class=\"card-body \">\n                                                        <div class=\"category-top\">\n                                                                                                            <span class=\"\">\n                                        <svg class=\"icon icon-secondary\">\n                                            <use xlink:href=\"https:\/\/ambulaanbaatar.esteri.it\/wp-content\/themes\/sedi-tema\/assets\/svg\/sprites.svg#it-calendar\"><\/use>\n                                        <\/svg> 5 Marzo 2026                                    <\/span>\n                                                                    <\/div>\n                            <h5 class=\"card-title big-heading text-uppercase\"><a class=\"text-body text-decoration-none\" href=\"https:\/\/ambulaanbaatar.esteri.it\/it\/news\/dall_ambasciata\/2026\/03\/referendum-costituzionale-2026-rilascio-dei-duplicati\/\" title=\"REFERENDUM COSTITUZIONALE 2026: RILASCIO DEI DUPLICATI\">REFERENDUM COSTITUZIONALE 2026: RILASCIO DEI DUPLICATI<\/a><\/h5>\n                            <p class=\"card-text\">Si informa che A PARTIRE DA DOMENICA 8 MARZO 2026 gli elettori che non hanno ricevuto il plico elettorale per il voto per corrispondenza in occasione del referendum costituzionale del 22 e 23 marzo al proprio indirizzo di residenza potranno richiederne un DUPLICATO a questa Ambasciata. La richiesta di duplicato potr\u00e0 essere presentata di persona [&hellip;]<\/p>\n                                <a title=\"REFERENDUM COSTITUZIONALE 2026: RILASCIO DEI DUPLICATI\" class=\"read-more\" href=\"https:\/\/ambulaanbaatar.esteri.it\/it\/news\/dall_ambasciata\/2026\/03\/referendum-costituzionale-2026-rilascio-dei-duplicati\/\">\n                                    <span class=\"text\">Leggi di pi\u00f9<\/span>\n                                    <svg class=\"icon\">\n                                    <use xlink:href=\"https:\/\/ambulaanbaatar.esteri.it\/wp-content\/themes\/sedi-tema\/assets\/svg\/sprites.svg#it-arrow-right\"><\/use>\n                                    <\/svg>\n                                <\/a>\n                                                    <\/div>\n                    <\/div>\n                <\/div>\n                <!--end card-->\n                <\/div><!-- col-12 .mt-3-->\n                            <div class=\"col-12 mt-3\">\n                <!--start card-->\n                <div class=\"card-wrapper card-space\">\n                    <div class=\"card card-bg card-big border-bottom-card\">\n                        <div class=\"card-body \">\n                                                        <div class=\"category-top\">\n                                                                                                            <span class=\"\">\n                                        <svg class=\"icon icon-secondary\">\n                                            <use xlink:href=\"https:\/\/ambulaanbaatar.esteri.it\/wp-content\/themes\/sedi-tema\/assets\/svg\/sprites.svg#it-calendar\"><\/use>\n                                        <\/svg> 12 Febbraio 2026                                    <\/span>\n                                                                    <\/div>\n                            <h5 class=\"card-title big-heading text-uppercase\"><a class=\"text-body text-decoration-none\" href=\"https:\/\/ambulaanbaatar.esteri.it\/it\/news\/dall_ambasciata\/2026\/02\/italian-week-2026-ulaanbaatar\/\" title=\"ITALIAN WEEK 2026 \u2013 ULAANBAATAR\">ITALIAN WEEK 2026 \u2013 ULAANBAATAR<\/a><\/h5>\n                            <p class=\"card-text\">\u00a09\u201315 February 2026 From 9 to 15 February 2026, the Embassy of Italy in Mongolia has organized the first edition of Italian Week 2026, a city-wide initiative celebrating contemporary Italian culture and excellence, spanning from art to design, from fashion to music, food and lifestyle. The aim of the Italian Week 2026 is to promote [&hellip;]<\/p>\n                                <a title=\"ITALIAN WEEK 2026 \u2013 ULAANBAATAR\" class=\"read-more\" href=\"https:\/\/ambulaanbaatar.esteri.it\/it\/news\/dall_ambasciata\/2026\/02\/italian-week-2026-ulaanbaatar\/\">\n                                    <span class=\"text\">Leggi di pi\u00f9<\/span>\n                                    <svg class=\"icon\">\n                                    <use xlink:href=\"https:\/\/ambulaanbaatar.esteri.it\/wp-content\/themes\/sedi-tema\/assets\/svg\/sprites.svg#it-arrow-right\"><\/use>\n                                    <\/svg>\n                                <\/a>\n                                                    <\/div>\n                    <\/div>\n                <\/div>\n                <!--end card-->\n                <\/div><!-- col-12 .mt-3-->\n                            <div class=\"col-12 mt-3\">\n                <!--start card-->\n                <div class=\"card-wrapper card-space\">\n                    <div class=\"card card-bg card-big border-bottom-card\">\n                        <div class=\"card-body \">\n                                                        <div class=\"category-top\">\n                                                                                                            <span class=\"\">\n                                        <svg class=\"icon icon-secondary\">\n                                            <use xlink:href=\"https:\/\/ambulaanbaatar.esteri.it\/wp-content\/themes\/sedi-tema\/assets\/svg\/sprites.svg#it-calendar\"><\/use>\n                                        <\/svg> 12 Febbraio 2026                                    <\/span>\n                                                                    <\/div>\n                            <h5 class=\"card-title big-heading text-uppercase\"><a class=\"text-body text-decoration-none\" href=\"https:\/\/ambulaanbaatar.esteri.it\/it\/news\/dall_ambasciata\/2026\/02\/5101\/\" title=\"ITALIAN WEEK 2026 \u2013 ULAANBAATAR\">ITALIAN WEEK 2026 \u2013 ULAANBAATAR<\/a><\/h5>\n                            <p class=\"card-text\">9\u201315 February 2026 Ulaanbaatar, Mongolia From 9 to 15 February 2026, Ulaanbaatar will host the first edition of Italian Week 2026, a city-wide initiative celebrating contemporary Italian culture and excellence, spanning art, design, fashion, music and lifestyle. Italian Week 2026 is organised by the Embassy of Italy in Ulaanbaatar, with the aim of promoting Italian [&hellip;]<\/p>\n                                <a title=\"ITALIAN WEEK 2026 \u2013 ULAANBAATAR\" class=\"read-more\" href=\"https:\/\/ambulaanbaatar.esteri.it\/it\/news\/dall_ambasciata\/2026\/02\/5101\/\">\n                                    <span class=\"text\">Leggi di pi\u00f9<\/span>\n                                    <svg class=\"icon\">\n                                    <use xlink:href=\"https:\/\/ambulaanbaatar.esteri.it\/wp-content\/themes\/sedi-tema\/assets\/svg\/sprites.svg#it-arrow-right\"><\/use>\n                                    <\/svg>\n                                <\/a>\n                                                    <\/div>\n                    <\/div>\n                <\/div>\n                <!--end card-->\n                <\/div><!-- col-12 .mt-3-->\n                            <div class=\"col-12 mt-3\">\n                <!--start card-->\n                <div class=\"card-wrapper card-space\">\n                    <div class=\"card card-bg card-big border-bottom-card\">\n                        <div class=\"card-body \">\n                                                        <div class=\"category-top\">\n                                                                                                            <span class=\"\">\n                                        <svg class=\"icon icon-secondary\">\n                                            <use xlink:href=\"https:\/\/ambulaanbaatar.esteri.it\/wp-content\/themes\/sedi-tema\/assets\/svg\/sprites.svg#it-calendar\"><\/use>\n                                        <\/svg> 9 Febbraio 2026                                    <\/span>\n                                                                    <\/div>\n                            <h5 class=\"card-title big-heading text-uppercase\"><a class=\"text-body text-decoration-none\" href=\"https:\/\/ambulaanbaatar.esteri.it\/it\/news\/dall_ambasciata\/2026\/02\/giorno-del-ricordo-cerimonia-in-aula-a-montecitorio-alla-presenza-di-mattarella-apre-fontana-con-la-russa-tajani-in-chiusura-diretta-rai-1-e-canali-camera\/\" title=\"Giorno del Ricordo, cerimonia in Aula a Montecitorio, alla presenza di Mattarella. Apre Fontana con La Russa. Tajani in chiusura. Diretta Rai 1 e canali Camera\">Giorno del Ricordo, cerimonia in Aula a Montecitorio, alla presenza di Mattarella. Apre Fontana con La Russa. Tajani in chiusura. Diretta Rai 1 e canali Camera<\/a><\/h5>\n                            <p class=\"card-text\">Marted\u00ec 10 febbraio 2026, alle ore 10, nell&#8217;Aula di Montecitorio, si terr\u00e0 la cerimonia celebrativa del Giorno del Ricordo, alla presenza del Presidente della Repubblica, Sergio Mattarella. In apertura gli indirizzi di saluto del Presidente della Camera dei deputati, Lorenzo Fontana e del Presidente del Senato, Ignazio La Russa, quindi gli interventi e le testimonianze [&hellip;]<\/p>\n                                <a title=\"Giorno del Ricordo, cerimonia in Aula a Montecitorio, alla presenza di Mattarella. Apre Fontana con La Russa. Tajani in chiusura. Diretta Rai 1 e canali Camera\" class=\"read-more\" href=\"https:\/\/ambulaanbaatar.esteri.it\/it\/news\/dall_ambasciata\/2026\/02\/giorno-del-ricordo-cerimonia-in-aula-a-montecitorio-alla-presenza-di-mattarella-apre-fontana-con-la-russa-tajani-in-chiusura-diretta-rai-1-e-canali-camera\/\">\n                                    <span class=\"text\">Leggi di pi\u00f9<\/span>\n                                    <svg class=\"icon\">\n                                    <use xlink:href=\"https:\/\/ambulaanbaatar.esteri.it\/wp-content\/themes\/sedi-tema\/assets\/svg\/sprites.svg#it-arrow-right\"><\/use>\n                                    <\/svg>\n                                <\/a>\n                                                    <\/div>\n                    <\/div>\n                <\/div>\n                <!--end card-->\n                <\/div><!-- col-12 .mt-3-->\n                            <div class=\"col-12 mt-3\">\n                <!--start card-->\n                <div class=\"card-wrapper card-space\">\n                    <div class=\"card card-bg card-big border-bottom-card\">\n                        <div class=\"card-body \">\n                                                        <div class=\"category-top\">\n                                                                                                            <span class=\"\">\n                                        <svg class=\"icon icon-secondary\">\n                                            <use xlink:href=\"https:\/\/ambulaanbaatar.esteri.it\/wp-content\/themes\/sedi-tema\/assets\/svg\/sprites.svg#it-calendar\"><\/use>\n                                        <\/svg> 4 Febbraio 2026                                    <\/span>\n                                                                    <\/div>\n                            <h5 class=\"card-title big-heading text-uppercase\"><a class=\"text-body text-decoration-none\" href=\"https:\/\/ambulaanbaatar.esteri.it\/it\/news\/dall_ambasciata\/2026\/02\/avviso-fermo-operativo-del-sistema-informatico-vis-per-la-trattazione-e-emissione-di-visti-dingresso\/\" title=\"AVVISO Fermo operativo del sistema informatico VIS  per la trattazione e emissione di visti d\u2019ingresso\">AVVISO Fermo operativo del sistema informatico VIS  per la trattazione e emissione di visti d\u2019ingresso<\/a><\/h5>\n                            <p class=\"card-text\">Si informa che dal 13 febbraio 2026 al 18 febbraio 2026, il sistema operativo VIS sar\u00e0 interessato da un fermo operativo temporaneo. Si tratta di un intervento tecnico programmato e urgente che comporter\u00e0 la momentanea sospensione delle attivit\u00e0 di ricezione e trattazione delle domande di visto, nonch\u00e9 quella di emissione di visti d\u2019ingresso. Tale sospensione [&hellip;]<\/p>\n                                <a title=\"AVVISO Fermo operativo del sistema informatico VIS  per la trattazione e emissione di visti d\u2019ingresso\" class=\"read-more\" href=\"https:\/\/ambulaanbaatar.esteri.it\/it\/news\/dall_ambasciata\/2026\/02\/avviso-fermo-operativo-del-sistema-informatico-vis-per-la-trattazione-e-emissione-di-visti-dingresso\/\">\n                                    <span class=\"text\">Leggi di pi\u00f9<\/span>\n                                    <svg class=\"icon\">\n                                    <use xlink:href=\"https:\/\/ambulaanbaatar.esteri.it\/wp-content\/themes\/sedi-tema\/assets\/svg\/sprites.svg#it-arrow-right\"><\/use>\n                                    <\/svg>\n                                <\/a>\n                                                    <\/div>\n                    <\/div>\n                <\/div>\n                <!--end card-->\n                <\/div><!-- col-12 .mt-3-->\n            \n            <div class=\"col-md-12 mt-4 pb-4\">\n                <nav class=\"navigation col-md-12\" aria-label=\"Navigation\">\n                    <h2 class=\"screen-reader-text visually-hidden\">Paginazione<\/h2>\n                    <div class=\"nav-links\">\n                    <span aria-current=\"page\" class=\"page-numbers current\">1<\/span>\n<a class=\"page-numbers\" href=\"https:\/\/ambulaanbaatar.esteri.it\/it\/wp-json\/wp\/v2\/pages\/16\/?pag=2\">2<\/a>\n<a class=\"page-numbers\" href=\"https:\/\/ambulaanbaatar.esteri.it\/it\/wp-json\/wp\/v2\/pages\/16\/?pag=3\">3<\/a>\n<span class=\"page-numbers dots\">&hellip;<\/span>\n<a class=\"page-numbers\" href=\"https:\/\/ambulaanbaatar.esteri.it\/it\/wp-json\/wp\/v2\/pages\/16\/?pag=23\">23<\/a>\n<a class=\"next page-numbers\" href=\"https:\/\/ambulaanbaatar.esteri.it\/it\/wp-json\/wp\/v2\/pages\/16\/?pag=2\"><svg class=\"icon icon-primary\"><use xlink:href=\"https:\/\/ambulaanbaatar.esteri.it\/wp-content\/themes\/sedi-tema\/assets\/svg\/sprites.svg#it-chevron-right\"><\/use><\/svg>\n                                    <span class=\"visually-hidden\">Pagina successiva<\/span><\/a>                    <\/div>\n                <\/nav>\n            <\/div>   <!--.col-md-12 -->\n              <\/div><!--.row -->\n              \n","protected":false},"excerpt":{"rendered":"","protected":false},"author":1,"featured_media":0,"parent":0,"menu_order":8,"comment_status":"closed","ping_status":"closed","template":"","meta":{"footnotes":""},"class_list":["post-16","page","type-page","status-publish","hentry"],"_links":{"self":[{"href":"https:\/\/ambulaanbaatar.esteri.it\/it\/wp-json\/wp\/v2\/pages\/16","targetHints":{"allow":["GET"]}}],"collection":[{"href":"https:\/\/ambulaanbaatar.esteri.it\/it\/wp-json\/wp\/v2\/pages"}],"about":[{"href":"https:\/\/ambulaanbaatar.esteri.it\/it\/wp-json\/wp\/v2\/types\/page"}],"author":[{"embeddable":true,"href":"https:\/\/ambulaanbaatar.esteri.it\/it\/wp-json\/wp\/v2\/users\/1"}],"replies":[{"embeddable":true,"href":"https:\/\/ambulaanbaatar.esteri.it\/it\/wp-json\/wp\/v2\/comments?post=16"}],"version-history":[{"count":2,"href":"https:\/\/ambulaanbaatar.esteri.it\/it\/wp-json\/wp\/v2\/pages\/16\/revisions"}],"predecessor-version":[{"id":21,"href":"https:\/\/ambulaanbaatar.esteri.it\/it\/wp-json\/wp\/v2\/pages\/16\/revisions\/21"}],"wp:attachment":[{"href":"https:\/\/ambulaanbaatar.esteri.it\/it\/wp-json\/wp\/v2\/media?parent=16"}],"curies":[{"name":"wp","href":"https:\/\/api.w.org\/{rel}","templated":true}]}}